{"id":1347,"date":"2021-10-21T15:25:16","date_gmt":"2021-10-21T15:25:16","guid":{"rendered":"https:\/\/www.lafocaccina.com\/?page_id=1347"},"modified":"2022-01-17T09:56:52","modified_gmt":"2022-01-17T09:56:52","slug":"privacy-policy","status":"publish","type":"page","link":"https:\/\/www.lafocaccina.com\/de\/privacy-policy\/","title":{"rendered":"Privacy policy"},"content":{"rendered":"<div data-elementor-type=\"wp-page\" data-elementor-id=\"1347\" class=\"elementor elementor-1347\">\n\t\t\t\t\t\t\t\t\t<section class=\"elementor-section elementor-top-section elementor-element elementor-element-12bd9dc3 elementor-section-boxed elementor-section-height-default elementor-section-height-default\" data-id=\"12bd9dc3\" data-element_type=\"section\" data-settings=\"{&quot;background_background&quot;:&quot;classic&quot;}\">\n\t\t\t\t\t\t<div class=\"elementor-container elementor-column-gap-default\">\n\t\t\t\t\t<div class=\"elementor-column elementor-col-100 elementor-top-column elementor-element elementor-element-95d34a0\" data-id=\"95d34a0\" data-element_type=\"column\">\n\t\t\t<div class=\"elementor-widget-wrap elementor-element-populated\">\n\t\t\t\t\t\t\t\t<div class=\"elementor-element elementor-element-ed86b26 elementor-widget elementor-widget-spacer\" data-id=\"ed86b26\" data-element_type=\"widget\" data-widget_type=\"spacer.default\">\n\t\t\t\t<div class=\"elementor-widget-container\">\n\t\t\t<style>\/*! elementor - v3.6.2 - 04-04-2022 *\/\n.e-container.e-container--row .elementor-spacer-inner{width:var(--spacer-size)}.e-container.e-container--column .elementor-spacer-inner,.elementor-column .elementor-spacer-inner{height:var(--spacer-size)}<\/style>\t\t<div class=\"elementor-spacer\">\n\t\t\t<div class=\"elementor-spacer-inner\"><\/div>\n\t\t<\/div>\n\t\t\t\t<\/div>\n\t\t\t\t<\/div>\n\t\t\t\t\t<\/div>\n\t\t<\/div>\n\t\t\t\t\t\t\t<\/div>\n\t\t<\/section>\n\t\t\t\t<section class=\"elementor-section elementor-top-section elementor-element elementor-element-d90a3f4 elementor-section-boxed elementor-section-height-default elementor-section-height-default\" data-id=\"d90a3f4\" data-element_type=\"section\">\n\t\t\t\t\t\t<div class=\"elementor-container elementor-column-gap-default\">\n\t\t\t\t\t<div class=\"elementor-column elementor-col-100 elementor-top-column elementor-element elementor-element-00685d9\" data-id=\"00685d9\" data-element_type=\"column\" data-settings=\"{&quot;background_background&quot;:&quot;classic&quot;}\">\n\t\t\t<div class=\"elementor-widget-wrap elementor-element-populated\">\n\t\t\t\t\t\t\t\t<div class=\"elementor-element elementor-element-8c66702 elementor-widget elementor-widget-text-editor\" data-id=\"8c66702\" data-element_type=\"widget\" data-widget_type=\"text-editor.default\">\n\t\t\t\t<div class=\"elementor-widget-container\">\n\t\t\t<style>\/*! elementor - v3.6.2 - 04-04-2022 *\/\n.elementor-widget-text-editor.elementor-drop-cap-view-stacked .elementor-drop-cap{background-color:#818a91;color:#fff}.elementor-widget-text-editor.elementor-drop-cap-view-framed .elementor-drop-cap{color:#818a91;border:3px solid;background-color:transparent}.elementor-widget-text-editor:not(.elementor-drop-cap-view-default) .elementor-drop-cap{margin-top:8px}.elementor-widget-text-editor:not(.elementor-drop-cap-view-default) .elementor-drop-cap-letter{width:1em;height:1em}.elementor-widget-text-editor .elementor-drop-cap{float:left;text-align:center;line-height:1;font-size:50px}.elementor-widget-text-editor .elementor-drop-cap-letter{display:inline-block}<\/style>\t\t\t\t<p><b>PRIVACY<\/b><strong> POLICY<\/strong><\/p>\n<p>La presente Privacy Policy \u00e8 resa ai sensi dell\u2019art. 13 del Regolamento Europeo n. 679\/2016 e si applica esclusivamente a tutti i Dati raccolti attraverso il Sito web laFocaccina.com e i suoi sottodomini. La presente Privacy Policy, unitamente alla&nbsp;Cookie Policy, prevede le basi sulle quali verranno elaborati i Dati personali dell\u2019Utente.<\/p>\n<p><strong>TITOLARE DEL TRATTAMENTO<\/strong><\/p>\n<p>ART CAFE&#8217; DI LO MELE VITO<br>P.ZZA XX SETTEMBRE, 20<br>70014 CONVERSANO (BA)<\/p>\n<p><strong>MODALITA\u2019 DI TRATTAMENTO DEI DATI PERSONALI <\/strong><\/p>\n<p>I Dati Personali forniti o acquisiti saranno oggetto di Trattamento improntato ai principi di correttezza, liceit\u00e0, trasparenza e di tutela della riservatezza ai sensi delle vigenti normative.<\/p>\n<p>Il Titolare tratta i Dati Personali degli Utenti adottando le opportune misure di sicurezza volte ad impedire l\u2019accesso, la divulgazione, la modifica o la distruzione non autorizzate dei Dati Personali.<\/p>\n<p>&nbsp;Il Trattamento viene effettuato mediante strumenti informatici e\/o telematici, con modalit\u00e0 organizzative e con logiche strettamente correlate alle finalit\u00e0 indicate. Fra i dati personali raccolti da questo sito web ci sono: Cookie, Dati di utilizzo, Email e Nome. I dati personali potrebbero essere inseriti volontariamente dall\u2019utente, oppure raccolti in modo automatico durante l\u2019uso di questo sito Web.<\/p>\n<ol>\n<li><strong><em>Comunicazione e diffusione dei dati<\/em><\/strong><\/li>\n<\/ol>\n<p>Oltre al Titolare, in alcuni casi, potrebbero avere accesso ai Dati:<\/p>\n<p><span style=\"font-size: inherit; text-align: inherit; color: var(--color); font-family: var(--fontFamily); font-style: var(--fontStyle, inherit); font-weight: var(--fontWeight); letter-spacing: var(--letterSpacing); text-transform: var(--textTransform);\">a) categorie di Incaricati a ci\u00f2 appositamente formati coinvolti nell\u2019organizzazione del Sito web (personale amministrativo, commerciale, marketing, legali, amministratori di sistema);<\/span><\/p>\n<p><span style=\"font-size: inherit; text-align: inherit; color: var(--color); font-family: var(--fontFamily); font-style: var(--fontStyle, inherit); font-weight: var(--fontWeight); letter-spacing: var(--letterSpacing); text-transform: var(--textTransform);\">b) soggetti esterni (come fornitori di servizi tecnici terzi, hosting provider, societ\u00e0 informatiche, agenzie di comunicazione) nominati anche Responsabili del Trattamento da parte del Titolare ex art. 28 GDPR. L\u2019elenco aggiornato dei Responsabili, se nominati, potr\u00e0 sempre essere richiesto al Titolare del Trattamento;<\/span><\/p>\n<p><span style=\"font-size: inherit; text-align: inherit; color: var(--color); font-family: var(--fontFamily); font-style: var(--fontStyle, inherit); font-weight: var(--fontWeight); letter-spacing: var(--letterSpacing); text-transform: var(--textTransform);\">c) soggetti pubblici o privati che possono accedere ai Dati in osservanza di obblighi di legge;<\/span><\/p>\n<p><span style=\"font-size: inherit; text-align: inherit; color: var(--color); font-family: var(--fontFamily); font-style: var(--fontStyle, inherit); font-weight: var(--fontWeight); letter-spacing: var(--letterSpacing); text-transform: var(--textTransform);\">d) soggetti che svolgono compiti accessori e strumentali rispetto all\u2019attivit\u00e0 del Titolare;<\/span><\/p>\n<p><span style=\"font-size: inherit; text-align: inherit; color: var(--color); font-family: var(--fontFamily); font-style: var(--fontStyle, inherit); font-weight: var(--fontWeight); letter-spacing: var(--letterSpacing); text-transform: var(--textTransform);\">e) gli Utenti del Sito web che possono visualizzare alcuni Dati sul profilo pubblico di altri Utenti nel gruppo chiuso del sito web.<\/span><\/p>\n<p><em>&nbsp;2.<\/em><strong><em> Dati forniti volontariamente dall\u2019Utente<\/em><\/strong><\/p>\n<p>L\u2019invio facoltativo, esplicito e volontario di posta elettronica, anche per mezzo del Modulo Contatti o per mezzo degli indirizzi indicati su questo sito web, comporta la successiva acquisizione dell\u2019indirizzo del mittente, necessario per rispondere alle richieste, nonch\u00e9 degli eventuali altri Dati personali inseriti nella email. Il consenso al conferimento dei dati da parte dell\u2019utente \u00e8 necessario per essere inserito nel database del Titolare ed ai fini dell\u2019instaurazione e del corretto svolgimento di quanto offerto dallo stesso ai suoi utenti, nonch\u00e9 ai terzi per l\u2019adempimento della singola attivit\u00e0 richiesta. Il mancato conferimento impedisce, pertanto, la registrazione nei database del titolare, il perfezionamento di eventuali contratti, nonch\u00e9 l\u2019esecuzione degli stessi e di ogni altra eventuale attivit\u00e0. Pertanto il mancato conferimento da parte dell\u2019Utente di alcuni dati personali potrebbe impedire a questo sito web di erogare i propri servizi.<\/p>\n<ol start=\"3\">\n<li><strong><em>Luogo del trattamento <\/em><\/strong><\/li>\n<\/ol>\n<p>I dati sono tratti presso la sede operative del titolare. Per ulteriori informazione si pu\u00f2 contattare il Titolare del Trattamento.<\/p>\n<ol start=\"4\">\n<li><strong><em>Tempi di Trattamento<\/em><\/strong><\/li>\n<\/ol>\n<p>Cos\u00ec come espressamente previsto dall\u2019art. 5, co. 1, lett. e) del GDPR, i Dati sono conservati per il tempo necessario al Trattamento degli stessi in relazione allo svolgimento del servizio richiesto dall\u2019 Utente, o richiesto dalle Finalit\u00e0 descritte in questo documento e in particolare:<\/p>\n<p>I Dati raccolti per obblighi contrattuali saranno conservati per il tempo necessario all\u2019espletamento delle finalit\u00e0 suddette e secondo quanto previsto dalla legge;<\/p>\n<p>I Dati raccolti per obblighi fiscali \/amministrativi o per obblighi contrattuali saranno conservati per il tempo necessario all\u2019espletamento delle finalit\u00e0 suddette e secondo quanto previsto dalla legge;<\/p>\n<p>I Dati raccolti per Finalit\u00e0 riconducibili al legittimo interesse del Titolare saranno trattenuti sino al soddisfacimento di tale interesse; L\u2019Utente pu\u00f2 ottenere ulteriori informazioni in merito all\u2019interesse legittimo perseguito dal Titolare contattando il Titolare.<\/p>\n<p>I Dati raccolti in base al Consenso dell\u2019Utente potranno essere conservati fino a che tale Consenso non venga revocato; I Dati possono essere conservati dal Titolare per un periodo pi\u00f9 lungo in ottemperanza a obblighi di legge o per ordine di un\u2019autorit\u00e0.<\/p>\n<p>Al termine del periodo di conservazione i Dati Personali saranno cancellati e pertanto, non potranno pi\u00f9 essere esercitati i diritti di accesso, cancellazione, rettificazione e portabilit\u00e0 dei Dati<\/p>\n<ol start=\"5\">\n<li><strong><em>Finalit\u00e0 del Trattamento dei dati raccolti<\/em><\/strong><\/li>\n<\/ol>\n<p>I sistemi informatici e le procedure software preposte al funzionamento del presente Sito web acquisiscono alcuni Dati Personali degli Utenti, di carattere tecnico-informatico (ad es. l\u2019indirizzo IP, il tipo di browser utilizzato, il sistema operativo, il nome di dominio e gli indirizzi di siti web dai quali \u00e8 stato effettuato l\u2019accesso o l\u2019uscita, ecc.), la trasmissione dei quali \u00e8 connaturata al normale funzionamento di internet. Tali Dati potranno essere trattati al solo fine di ricavare informazioni statistiche anonime sull\u2019uso del sito e\/o per controllarne il corretto funzionamento e saranno cancellati immediatamente dopo l\u2019elaborazione.<\/p>\n<p>In particolare:<\/p>\n<p><span style=\"font-size: inherit; text-align: inherit; color: var(--color); font-family: var(--fontFamily); font-style: var(--fontStyle, inherit); font-weight: var(--fontWeight); letter-spacing: var(--letterSpacing); text-transform: var(--textTransform);\">a) per adempiere a qualunque tipo di obbligo contemplato e previsto dalle vigenti leggi, regolamenti, normative correlate ed usi commerciali, in particolare, in materia tributaria\/fiscale. Questo trattamento \u00e8 obbligatorio per adempiere un obbligo legale al quale \u00e8 soggetto il Titolare del Trattamento;<\/span><\/p>\n<p><span style=\"font-size: inherit; text-align: inherit; color: var(--color); font-family: var(--fontFamily); font-style: var(--fontStyle, inherit); font-weight: var(--fontWeight); letter-spacing: var(--letterSpacing); text-transform: var(--textTransform);\">b) per dar seguito alle specifiche richieste rivolte al Titolare dall\u2019Utente per il tramite del Sito Web e dei suoi strumenti di comunicazione (Form Contatti, moduli di richiesta di informazione e simili). Questo trattamento \u00e8 facoltativo e basato sul consenso dell\u2019Utente, tuttavia la mancata comunicazione di uno o pi\u00f9 Dati comporter\u00e0 l\u2019impossibilit\u00e0 di erogare il servizio offerto dal Titolare e di fruire dei servizi offerti dal Titolare;<\/span><\/p>\n<p><span style=\"font-size: inherit; text-align: inherit; color: var(--color); font-family: var(--fontFamily); font-style: var(--fontStyle, inherit); font-weight: var(--fontWeight); letter-spacing: var(--letterSpacing); text-transform: var(--textTransform);\">c) per altre finalit\u00e0 accessorie o collegate a quelle sopra indicate e comunque rientranti nell\u2019ambito delle attivit\u00e0 del Sito web;<\/span><\/p>\n<p><span style=\"font-size: inherit; text-align: inherit; color: var(--color); font-family: var(--fontFamily); font-style: var(--fontStyle, inherit); font-weight: var(--fontWeight); letter-spacing: var(--letterSpacing); text-transform: var(--textTransform);\">e) per l\u2019invio di informazioni ed offerte promozionali e commerciali. Questo trattamento \u00e8 basato sul consenso liberamente espresso dall\u2019Utente;<\/span><\/p>\n<p><span style=\"font-size: inherit; text-align: inherit; color: var(--color); font-family: var(--fontFamily); font-style: var(--fontStyle, inherit); font-weight: var(--fontWeight); letter-spacing: var(--letterSpacing); text-transform: var(--textTransform);\">g) per effettuare analisi statistiche su dati aggregati e anonimi per analizzare i comportamenti, dell\u2019Utente per migliorare i prodotti e i servizi forniti dal Titolare nonch\u00e9 soddisfare le aspettative dell\u2019Utente stesso;<\/span><\/p>\n<p><span style=\"font-size: inherit; text-align: inherit; color: var(--color); font-family: var(--fontFamily); font-style: var(--fontStyle, inherit); font-weight: var(--fontWeight); letter-spacing: var(--letterSpacing); text-transform: var(--textTransform);\">h) per attivit\u00e0 di profilazione a fini marketing. Questo Trattamento \u00e8 basato sul consenso liberamente espresso dall\u2019Utente.<\/span><\/p>\n<p>Le tipologie di Dati Personali utilizzati per ciascuna finalit\u00e0 sono indicate nelle sezioni specifiche di questo documento.<\/p>\n<p><strong>COOKIE<\/strong><\/p>\n<p>Questo Sito web utilizza i cookie. I cookie sono piccoli file di testo che possono essere utilizzati dai siti web per rendere pi\u00f9 efficiente l\u2019esperienza per l\u2019utente e per personalizzare contenuti e gli annunci, fornire le funzioni dei social&nbsp; e analizzare il traffico. Inoltre si forniscono informazioni sul modo in cui l\u2019Utente utilizza il sito ai partener del Titolare che si occupano di analisi dei dati web, pubblicit\u00e0 e social media, i quali potrebbero combinarle con altre informazioni che l\u2019utente ha fornito loro o che hanno raccolto in base all\u2019utilizzo dei loro servizi. Per maggiori informazioni consulta la Cookie Policy al seguente link&nbsp;(<a href=\"https:\/\/www.lafocaccina.com\/de\/cookie-policy\/\"><b>https:\/\/www.lafocaccina.com\/cookie-policy\/<\/b><\/a>). <strong>&nbsp;<\/strong><\/p>\n<p><strong>COME AVVIENE IL TRATTAMENTO DEI DATI PERSONALI. DETTAGLI. <\/strong><\/p>\n<p>I dati sono raccolti attraverso l\u2019utilizzo dei seguenti servizi:<\/p>\n<p><span style=\"font-size: inherit; text-align: inherit; color: var(--color); font-family: var(--fontFamily); font-style: var(--fontStyle, inherit); font-weight: var(--fontWeight); letter-spacing: var(--letterSpacing); text-transform: var(--textTransform);\">A. Gestione indirizzi e invio mail<\/span><\/p>\n<p>Questi servizi consentono di gestire un database di contatti email, contatti telefonici o contatti di qualunque altro tipo, utilizzati per comunicare con l\u2019Utente.<\/p>\n<p>Questi servizi potrebbero inoltre consentire di raccogliere Dati relativi alla data e all\u2019ora di visualizzazione dei messaggi da parte dell\u2019Utente, cos\u00ec come all\u2019interazione dell\u2019Utente con essi, come le informazioni sui click sui collegamenti inseriti nei messaggi.<\/p>\n<p><span style=\"font-size: inherit; text-align: inherit; color: var(--color); font-family: var(--fontFamily); font-style: var(--fontStyle, inherit); font-weight: var(--fontWeight); letter-spacing: var(--letterSpacing); text-transform: var(--textTransform);\">B. Form di contatto<\/span><\/p>\n<p>L\u2019Utente, compilando con i propri Dati il Form di contatto, acconsente al loro utilizzo per rispondere alle richieste di informazioni, o di qualunque altra finalit\u00e0 indicata dall\u2019intestazione del modulo. Dati Personali raccolti mediante Form di contatto: Email, Nome e Cognome<\/p>\n<p><span style=\"font-size: inherit; text-align: inherit; color: var(--color); font-family: var(--fontFamily); font-style: var(--fontStyle, inherit); font-weight: var(--fontWeight); letter-spacing: var(--letterSpacing); text-transform: var(--textTransform);\">C. Newsletter<\/span><\/p>\n<p>Con la registrazione alla mailing list o newsletter, l\u2019indirizzo email dell\u2019Utente viene automaticamente inserito in una lista di contatti a cui potranno essere trasmessi messaggi email contenenti informazioni, anche di natura commerciale e promozionale, relative a questo Sito web. L\u2019indirizzo email dell\u2019Utente potrebbe anche essere aggiunto a questa lista come risultato della registrazione a questo Sito o dopo aver effettuato un acquisto. L\u2019Utente pu\u00f2 scegliere in qualsiasi momento di cancellarsi dalla newsletter cliccando su un tasto specifico che trover\u00e0 all\u2019interno delle email. Dopo aver cliccato sul tasto di cancellazione i Dati dell\u2019Utente verranno cancellati immediatamente dal software di \u201cemail marketing\u201d. Dati Personali raccolti: email e Nome.<br>Questo Sito web utilizza il servizio di newsletter fornito da:<br>Klaviyo (<span style=\"text-align: inherit;\">https:\/\/www.klaviyo.com\/)<\/span><\/p>\n<p><strong>Misure di sicurezza adottate<\/strong><\/p>\n<p>Questo Sito web, per rendere sicuro il momento in cui vengono immessi i Dati Personali, ha un certificato SSL e utilizza il protocollo HTTPS. Con l\u2019utilizzo di questo protocollo, le transazioni e i dati che vengono trasmessi nei siti web avvengono con la massima sicurezza e il contenuto della comunicazione non viene letto o manipolato in alcun modo da terze parti.<\/p>\n<p><strong>Statistica<\/strong><\/p>\n<p>I servizi di statistica permettono al Titolare del Trattamento esclusivamente di monitorare e analizzare i dati di traffico e servono a tener traccia del comportamento dell\u2019Utente. In particolare, vengono utilizzati i seguenti servizi:<\/p>\n<ol>\n<li><strong> Google Analytics (Google Ireland Limited)<\/strong><br>Google Analytics \u00e8 un servizio di analisi fornito da Google Ireland Limited. Google utilizza i Dati Personali raccolti allo scopo di tracciare ed esaminare l\u2019utilizzo di questo Sito web, compilare report e condividerli con gli altri servizi sviluppati da Google.<\/li>\n<\/ol>\n<p>Google potrebbe utilizzare i Dati Personali per contestualizzare e personalizzare gli annunci del proprio network pubblicitario. Google pu\u00f2 anche trasferire queste informazioni a terzi ove ci\u00f2 sia imposto dalla legge o laddove tali terzi trattino le suddette informazioni per conto di Google. In questo sito \u00e8 attiva la funzione di anonimizzazione dell\u2019indirizzo IP. L\u2019indirizzo IP trasmesso dal browser ai fini connessi a Google Analytics non verr\u00e0 incorporato ad altri dati gi\u00e0 in possesso di Google.<\/p>\n<p>Al seguente link <a href=\"https:\/\/tools.google.com\/dlpage\/gaoptout?hl=it\">https:\/\/tools.google.com\/dlpage\/gaoptout?hl=it<\/a> &nbsp;\u00e8 reso disponibile da Google il componente aggiuntivo del browser per la disattivazione di Google Analytics.<\/p>\n<p>Dati Personali raccolti: Cookie e Dati di utilizzo. Luogo del trattamento: Irlanda- <a href=\"https:\/\/policies.google.com\/privacy?hl=it\">https:\/\/policies.google.com\/privacy?hl=it<\/a> .<\/p>\n<ol start=\"2\">\n<li><strong> Monitoraggio conversioni pixel di Facebook (Facebook Ireland Ltd.)<\/strong><br>Il monitoraggio conversioni di Facebook (pixel di Facebook) \u00e8 un servizio di statistiche fornito da Facebook. Il pixel di Facebook monitora le conversioni che possono essere attribuite alle inserzioni di Facebook. Dati Personali raccolti: Cookie; Dati di utilizzo. Luogo del trattamento:&nbsp;Irlanda- <a href=\"https:\/\/www.facebook.com\/about\/privacy\/\">https:\/\/www.facebook.com\/about\/privacy\/<\/a><\/li>\n<\/ol>\n<p><strong>Remarketing e Retargeting<\/strong><\/p>\n<p>Questi servizi consentono a questo Sito web di comunicare, ottimizzare e servire annunci pubblicitari basati sull\u2019utilizzo passato di questo Sito web da parte dell\u2019Utente. Questa attivit\u00e0 viene effettuata tramite il tracciamento dei Dati di Utilizzo e l\u2019uso di Cookie. Questo Sito web utilizza i seguenti servizi:<\/p>\n<ol>\n<li><strong>Facebook Remarketing (Facebook Ireland Ltd)<\/strong><br>Facebook Remarketing \u00e8 un servizio di Remarketing e Behavioral Targeting fornito da Facebook, che collega l\u2019attivit\u00e0 di questo Sito web con il network di advertising Facebook. Questo Sito web fa uso dello strumento Facebook Pixel al fine di misurare le conversioni. Grazie al Pixel di Facebook si possono comprendere le azioni che le persone eseguono sul Sito web.<\/li>\n<\/ol>\n<p>I Dati che si raccolgono possono essere utilizzati per:<\/p>\n<ul>\n<li>assicurarsi che le inserzioni vengano mostrate alle persone giuste;<\/li>\n<li>creare gruppi di pubblico a cui destinare le inserzioni;<\/li>\n<li>sfruttare gli ulteriori strumenti pubblicitari della piattaforma su cui si fa pubblicit\u00e0<\/li>\n<\/ul>\n<p>Le informazioni rilevate sono anonime agli operatori di questo Sito e non possono essere utilizzate per individuare l\u2019identit\u00e0 di un singolo utente. Tuttavia, le informazioni vengono salvate e analizzate da Facebook, il che potrebbe ricollegare l\u2019azione a un singolo profilo e utilizzare questa informazioni a fini pubblicitari interni a Facebook, come delineato dall\u2019informativa sulla privacy di Facebook. Questo permetter\u00e0 a Facebook di mostrare inserzioni sia su Facebook che su siti terzi. Il Titolare del Sito non ha alcun controllo su come questi dati vengano utilizzati. Per maggiori informazioni su come gli utenti possano tutelare la propria privacy, rimandiamo alla informativa sulla Privacy di Facebook <a href=\"https:\/\/www.facebook.com\/about\/privacy\/\">https:\/\/www.facebook.com\/about\/privacy\/<\/a> &nbsp;<\/p>\n<ol start=\"2\">\n<li><strong>Google ADS<\/strong><br>Google ADS \u00e8 un servizio fornito da Google Ireland Limited che collega questo Sito web con il network di advertising di Google. Questo Sito web fa uso delle funzionalit\u00e0 Remarketing di Google Analytics combinate con la possibilit\u00e0 di adattamento a diversi dispositivi di Google ADS. Questa funzionalit\u00e0 rende possibile collegare i gruppi target per le campagne promozionali creati dalla funzione Marketing di Google Analytics con l\u2019adattabilit\u00e0 a diversi dispositivi di Google ADS. Questo permette di mostrare pubblicit\u00e0 basate sugli interessi personali dell\u2019utente, identificati tramite un\u2019analisi del comportamento dell\u2019utente stesso sul web, sia esso su un dispositivo mobile o su altri dispositivi. \u00c8 possibile disabilitare permanentemente le funzioni di targeting e di remarketing disabilitando la funzione \u201cpubblicit\u00e0 personalizzata\u201d nell\u2019account Google. Per farlo, \u00e8 sufficiente seguire questo link:&nbsp;<a href=\"https:\/\/www.google.com\/settings\/ads\/onweb\/\">https:\/\/www.google.com\/settings\/ads\/onweb\/<\/a>&nbsp;Dati Personali raccolti: Cookie e Dati di utilizzo. Luogo del trattamento:&nbsp;<a href=\"https:\/\/policies.google.com\/privacy?hl=it\">Irlanda \u2013 Privacy Policy<\/a><\/li>\n<\/ol>\n<p><strong>Interazione con i Social Networks<\/strong><\/p>\n<p>Questi servizi permettono di effettuare interazioni con i social network o con altre piattaforme esterne direttamente dalle pagine di questo Sito web.<\/p>\n<p>Le interazioni e le informazioni acquisite da questo Sito web sono in ogni caso soggette alle impostazioni privacy dell\u2019Utente relative ad ogni social network. Nel caso in cui sia installato un servizio di interazione con i social network, \u00e8 possibile che, anche nel caso gli Utenti non utilizzino il servizio, lo stesso raccolga dati di traffico relativi alle pagine in cui \u00e8 installato.<\/p>\n<ol>\n<li><strong>Facebook (Facebook Ireland Ltd.)<\/strong><br>I pulsanti di Facebook sono servizi di interazione con il social network Facebook, forniti da Facebook Ireland Ltd. Dati Personali raccolti: Cookie e Dati di utilizzo. Luogo del trattamento:&nbsp;Irlanda &#8211; <a href=\"https:\/\/www.facebook.com\/privacy\/explanation\">https:\/\/www.facebook.com\/privacy\/explanation<\/a><\/li>\n<\/ol>\n<ol start=\"2\">\n<li><strong>Instagram (Facebook Ireland Ltd.)<\/strong><br>I pulsanti di Instagram sono servizi di interazione con il social network Instagram, forniti da Facebook. Dati Personali raccolti: Cookie e Dati di utilizzo. Luogo del trattamento: Irlanda &#8211; <a href=\"https:\/\/help.instagram.com\/519522125107875\">https:\/\/help.instagram.com\/519522125107875<\/a><\/li>\n<\/ol>\n<p><strong>Contenuti su piattaforme esterne <\/strong><\/p>\n<p><strong>&nbsp;<\/strong><\/p>\n<p>Questi servizi permettono di visualizzare i contenuti ospitati su piattaforme esterne direttamente dalle pagine di questo Sito e di interagire con essi. Nel caso in cui sia installato un servizio di questo tipo, \u00e8 possibile che, anche nel caso gli Utenti non utilizzino il servizio, lo stesso raccolga Dati di traffico relativi alle pagine in cui \u00e8 installato.<\/p>\n<ol>\n<li><strong>Whatsapp (Whatsapp Ireland Limited) <\/strong><\/li>\n<\/ol>\n<p>La live chat effettuata tramite Whatsapp pu\u00f2 essere utilizzata dagli utenti per ottenere un contatto diretto con il titolare del trattamento, al fine di ottenere maggiori informazioni sui servizi offerti dallo stesso. <br>Tale servizio di messaggistica istantanea \u00e8 fornito da Whatsapp Ireland Limited e pu\u00f2 utilizzare varie tecnologie per raccogliere e archiviare informazioni quando si utilizzano i servizi con cui \u00e8 integrato, ci\u00f2 pu\u00f2 includere l\u2019uso di cookie e tecnologie di tracciamento simili. Luogo di trattamento: Irlanda &#8211; <a href=\"https:\/\/www.whatsapp.com\/legal\/privacy-policy\">https:\/\/www.whatsapp.com\/legal\/privacy-policy<\/a><\/p>\n<p><strong>ULTERIORI INFORMAZIONI SUL TRATTAMENTO <\/strong><\/p>\n<p><strong>&nbsp;<\/strong><\/p>\n<p><strong>Natura dei dati trattati e conseguenza di un eventuale rifiuto <\/strong><\/p>\n<p>Il conferimento dei dati relativi alla navigazione da parte degli Utenti, per le finalit\u00e0 di cui sopra, dipende dal grado di privacy che l\u2019Utente ha abilitato o disabilitato tramite il proprio browser. In alcuni casi la disabilitazione potrebbe pregiudicare la navigazione sul presente sito web. Per determinati moduli del presente sito web, il conferimento dei dati di navigazione e\/o l\u2019utilizzo di cookie tecnici \u00e8 obbligatorio per il corretto funzionamento del sito stesso. Il conferimento di alcuni dati propri \u00e8 in ogni caso necessario per la struttura stessa del sito web e delle sue procedure. L\u2019eventuale richiesta di altri Dati facoltativi sar\u00e0 invece preceduta da apposita spunta di approvazione. Il conferimento di tutti gli altri Dati \u00e8 facoltativo, conformemente al tipo di informazione che l\u2019utente voglia conferire al Sito Web.<\/p>\n<p><strong>Esercizio dei diritti dell\u2019interessato <\/strong><\/p>\n<p><strong>&nbsp;<\/strong><\/p>\n<p>L\u2019interessato ha diritto di esercitare le facolt\u00e0 previste agli artt. 7,15-22 del Reg Europeo 679\/2016. In particolare, ha diritto di revocare il proprio consenso in qualsiasi momento e, dietro semplice richiesta al Titolare del Trattamento, potr\u00e0 chiedere l\u2019accesso ai Dati Personali, ricevere i Dati personali forniti al Titolare e ove possibile trasmetterli ad un altro Titolare del trattamento senza impedimenti (c.d. portabilit\u00e0), ottenere l\u2019aggiornamento, la limitazione del trattamento, la rettificazione dei Dati e la cancellazione di quelli trattati in difformit\u00e0 dalla normativa vigente. Ha diritto, per motivi legittimi, di opporsi al Trattamento dei Dati personali che lo riguardano ed al Trattamento per fini di invio di materiale pubblicitario, di vendita diretta e per il compimento di ricerche di mercato. Ha altres\u00ec diritto a proporre reclamo al Garante della Privacy quale autorit\u00e0 di controllo in materia di protezione dei dati personali. L\u2019interessato potr\u00e0 esercitare i suoi diritti contattando il Titolare a mezzo mail all\u2019indirizzo: <b>vito@lafocaccina.com<\/b><\/p>\n<p><strong>Modifiche a questa Privacy Policy<\/strong><\/p>\n<p>Il Titolare del Trattamento si riserva il diritto di apportare modifiche alla presente Privacy Policy in qualunque momento dandone pubblicit\u00e0 agli Utenti su questa pagina. Si prega dunque di consultare spesso questa pagina, prendendo come riferimento la data di ultima modifica indicata in fondo. Nel caso di mancata accettazione delle modifiche apportate alla presente Privacy Policy, l\u2019Utente \u00e8 tenuto a cessare l\u2019utilizzo di questo Sito web e pu\u00f2 richiedere al Titolare del Trattamento di rimuovere i propri Dati Personali. Salvo quanto diversamente specificato, la precedente Privacy Policy continuer\u00e0 ad applicarsi ai Dati Personali sino a quel momento raccolti. Il Titolare non \u00e8 responsabile per l\u2019aggiornamento di tutti i link visualizzabili nella presente Privacy Policy, pertanto ogni qualvolta un link non sia funzionante e\/o aggiornato, gli Utenti riconoscono ed accettano che dovranno sempre far riferimento al documento e\/o sezione dei siti internet richiamati da tale link.<\/p>\t\t\t\t\t\t<\/div>\n\t\t\t\t<\/div>\n\t\t\t\t\t<\/div>\n\t\t<\/div>\n\t\t\t\t\t\t\t<\/div>\n\t\t<\/section>\n\t\t\t\t\t\t\t<\/div>","protected":false},"excerpt":{"rendered":"<p>PRIVACY POLICY La presente Privacy Policy \u00e8 resa ai sensi dell\u2019art. 13 del Regolamento Europeo n. 679\/2016 e si applica esclusivamente a tutti i Dati raccolti attraverso il Sito web laFocaccina.com e i suoi sottodomini. La presente Privacy Policy, unitamente alla&nbsp;Cookie Policy, prevede le basi sulle quali verranno elaborati i Dati personali dell\u2019Utente. TITOLARE DEL TRATTAMENTO ART CAFE&#8217; DI LO MELE VITO P.ZZA XX SETTEMBRE, 20 70014 CONVERSANO (BA) MODALITA\u2019 DI TRATTAMENTO DEI DATI PERSONALI I Dati Personali forniti o acquisiti saranno oggetto di Trattamento improntato ai principi di correttezza, liceit\u00e0, trasparenza e di tutela della riservatezza ai sensi delle\u2026<\/p>","protected":false},"author":1,"featured_media":0,"parent":0,"menu_order":0,"comment_status":"closed","ping_status":"closed","template":"elementor_header_footer","meta":[],"blocksy_meta":{"styles_descriptor":{"styles":{"desktop":"","tablet":"","mobile":""},"google_fonts":[]}},"yoast_head":"<!-- This site is optimized with the Yoast SEO plugin v18.5.1 - https:\/\/yoast.com\/wordpress\/plugins\/seo\/ -->\n<title>Privacy policy - La Focaccina<\/title>\n<meta name=\"robots\" content=\"index, follow, max-snippet:-1, max-image-preview:large, max-video-preview:-1\" \/>\n<link rel=\"canonical\" href=\"https:\/\/www.lafocaccina.com\/de\/privacy-policy\/\" \/>\n<meta property=\"og:locale\" content=\"de_DE\" \/>\n<meta property=\"og:type\" content=\"article\" \/>\n<meta property=\"og:title\" content=\"Privacy policy - La Focaccina\" \/>\n<meta property=\"og:description\" content=\"PRIVACY POLICY La presente Privacy Policy \u00e8 resa ai sensi dell\u2019art. 13 del Regolamento Europeo n. 679\/2016 e si applica esclusivamente a tutti i Dati raccolti attraverso il Sito web laFocaccina.com e i suoi sottodomini. La presente Privacy Policy, unitamente alla&nbsp;Cookie Policy, prevede le basi sulle quali verranno elaborati i Dati personali dell\u2019Utente. TITOLARE DEL TRATTAMENTO ART CAFE&#8217; DI LO MELE VITO P.ZZA XX SETTEMBRE, 20 70014 CONVERSANO (BA) MODALITA\u2019 DI TRATTAMENTO DEI DATI PERSONALI I Dati Personali forniti o acquisiti saranno oggetto di Trattamento improntato ai principi di correttezza, liceit\u00e0, trasparenza e di tutela della riservatezza ai sensi delle\u2026\" \/>\n<meta property=\"og:url\" content=\"https:\/\/www.lafocaccina.com\/de\/privacy-policy\/\" \/>\n<meta property=\"og:site_name\" content=\"La Focaccina\" \/>\n<meta property=\"article:modified_time\" content=\"2022-01-17T09:56:52+00:00\" \/>\n<meta name=\"twitter:card\" content=\"summary_large_image\" \/>\n<meta name=\"twitter:label1\" content=\"Gesch\u00e4tzte Lesezeit\" \/>\n\t<meta name=\"twitter:data1\" content=\"13\u00a0Minuten\" \/>\n<script type=\"application\/ld+json\" class=\"yoast-schema-graph\">{\"@context\":\"https:\/\/schema.org\",\"@graph\":[{\"@type\":\"WebSite\",\"@id\":\"https:\/\/www.lafocaccina.com\/#website\",\"url\":\"https:\/\/www.lafocaccina.com\/\",\"name\":\"La Focaccina\",\"description\":\"Sapori di Puglia\",\"potentialAction\":[{\"@type\":\"SearchAction\",\"target\":{\"@type\":\"EntryPoint\",\"urlTemplate\":\"https:\/\/www.lafocaccina.com\/?s={search_term_string}\"},\"query-input\":\"required name=search_term_string\"}],\"inLanguage\":\"de\"},{\"@type\":\"WebPage\",\"@id\":\"https:\/\/www.lafocaccina.com\/privacy-policy\/#webpage\",\"url\":\"https:\/\/www.lafocaccina.com\/privacy-policy\/\",\"name\":\"Privacy policy - La Focaccina\",\"isPartOf\":{\"@id\":\"https:\/\/www.lafocaccina.com\/#website\"},\"datePublished\":\"2021-10-21T15:25:16+00:00\",\"dateModified\":\"2022-01-17T09:56:52+00:00\",\"breadcrumb\":{\"@id\":\"https:\/\/www.lafocaccina.com\/privacy-policy\/#breadcrumb\"},\"inLanguage\":\"de\",\"potentialAction\":[{\"@type\":\"ReadAction\",\"target\":[\"https:\/\/www.lafocaccina.com\/privacy-policy\/\"]}]},{\"@type\":\"BreadcrumbList\",\"@id\":\"https:\/\/www.lafocaccina.com\/privacy-policy\/#breadcrumb\",\"itemListElement\":[{\"@type\":\"ListItem\",\"position\":1,\"name\":\"Home\",\"item\":\"https:\/\/www.lafocaccina.com\/\"},{\"@type\":\"ListItem\",\"position\":2,\"name\":\"Privacy policy\"}]}]}<\/script>\n<!-- \/ Yoast SEO plugin. -->","yoast_head_json":{"title":"Privacy policy - La Focaccina","robots":{"index":"index","follow":"follow","max-snippet":"max-snippet:-1","max-image-preview":"max-image-preview:large","max-video-preview":"max-video-preview:-1"},"canonical":"https:\/\/www.lafocaccina.com\/de\/privacy-policy\/","og_locale":"de_DE","og_type":"article","og_title":"Privacy policy - La Focaccina","og_description":"PRIVACY POLICY La presente Privacy Policy \u00e8 resa ai sensi dell\u2019art. 13 del Regolamento Europeo n. 679\/2016 e si applica esclusivamente a tutti i Dati raccolti attraverso il Sito web laFocaccina.com e i suoi sottodomini. La presente Privacy Policy, unitamente alla&nbsp;Cookie Policy, prevede le basi sulle quali verranno elaborati i Dati personali dell\u2019Utente. TITOLARE DEL TRATTAMENTO ART CAFE&#8217; DI LO MELE VITO P.ZZA XX SETTEMBRE, 20 70014 CONVERSANO (BA) MODALITA\u2019 DI TRATTAMENTO DEI DATI PERSONALI I Dati Personali forniti o acquisiti saranno oggetto di Trattamento improntato ai principi di correttezza, liceit\u00e0, trasparenza e di tutela della riservatezza ai sensi delle\u2026","og_url":"https:\/\/www.lafocaccina.com\/de\/privacy-policy\/","og_site_name":"La Focaccina","article_modified_time":"2022-01-17T09:56:52+00:00","twitter_card":"summary_large_image","twitter_misc":{"Gesch\u00e4tzte Lesezeit":"13\u00a0Minuten"},"schema":{"@context":"https:\/\/schema.org","@graph":[{"@type":"WebSite","@id":"https:\/\/www.lafocaccina.com\/#website","url":"https:\/\/www.lafocaccina.com\/","name":"La Focaccina","description":"Sapori di Puglia","potentialAction":[{"@type":"SearchAction","target":{"@type":"EntryPoint","urlTemplate":"https:\/\/www.lafocaccina.com\/?s={search_term_string}"},"query-input":"required name=search_term_string"}],"inLanguage":"de"},{"@type":"WebPage","@id":"https:\/\/www.lafocaccina.com\/privacy-policy\/#webpage","url":"https:\/\/www.lafocaccina.com\/privacy-policy\/","name":"Privacy policy - La Focaccina","isPartOf":{"@id":"https:\/\/www.lafocaccina.com\/#website"},"datePublished":"2021-10-21T15:25:16+00:00","dateModified":"2022-01-17T09:56:52+00:00","breadcrumb":{"@id":"https:\/\/www.lafocaccina.com\/privacy-policy\/#breadcrumb"},"inLanguage":"de","potentialAction":[{"@type":"ReadAction","target":["https:\/\/www.lafocaccina.com\/privacy-policy\/"]}]},{"@type":"BreadcrumbList","@id":"https:\/\/www.lafocaccina.com\/privacy-policy\/#breadcrumb","itemListElement":[{"@type":"ListItem","position":1,"name":"Home","item":"https:\/\/www.lafocaccina.com\/"},{"@type":"ListItem","position":2,"name":"Privacy policy"}]}]}},"_links":{"self":[{"href":"https:\/\/www.lafocaccina.com\/de\/wp-json\/wp\/v2\/pages\/1347"}],"collection":[{"href":"https:\/\/www.lafocaccina.com\/de\/wp-json\/wp\/v2\/pages"}],"about":[{"href":"https:\/\/www.lafocaccina.com\/de\/wp-json\/wp\/v2\/types\/page"}],"author":[{"embeddable":true,"href":"https:\/\/www.lafocaccina.com\/de\/wp-json\/wp\/v2\/users\/1"}],"replies":[{"embeddable":true,"href":"https:\/\/www.lafocaccina.com\/de\/wp-json\/wp\/v2\/comments?post=1347"}],"version-history":[{"count":26,"href":"https:\/\/www.lafocaccina.com\/de\/wp-json\/wp\/v2\/pages\/1347\/revisions"}],"predecessor-version":[{"id":1455,"href":"https:\/\/www.lafocaccina.com\/de\/wp-json\/wp\/v2\/pages\/1347\/revisions\/1455"}],"wp:attachment":[{"href":"https:\/\/www.lafocaccina.com\/de\/wp-json\/wp\/v2\/media?parent=1347"}],"curies":[{"name":"wp","href":"https:\/\/api.w.org\/{rel}","templated":true}]}}